{"id":59,"date":"2015-06-18T12:07:51","date_gmt":"2015-06-18T12:07:51","guid":{"rendered":"http:\/\/transparencia.aytosotodelreal.es\/?page_id=59"},"modified":"2025-02-06T13:19:24","modified_gmt":"2025-02-06T13:19:24","slug":"organigrama","status":"publish","type":"page","link":"https:\/\/transparencia.aytosotodelreal.es\/?page_id=59","title":{"rendered":"Organigrama"},"content":{"rendered":"<p><div class=\"fusion-fullwidth fullwidth-box fusion-builder-row-1 fusion-parallax-none hundred-percent-fullwidth non-hundred-percent-height-scrolling\" style=\"background-color: rgba(255,255,255,0);background-image: url(&quot;http:\/\/transparencia.aytosotodelreal.es\/wp-content\/uploads\/2015\/06\/cabOrganizacion-300x48.jpg&quot;);background-position: center center;background-repeat: no-repeat;padding-top:50px;padding-right:0px;padding-bottom:50px;padding-left:0px;margin-bottom: 0px;margin-top: 0px;border-width: 0px 0px 0px 0px;border-color:#eae9e9;border-style:solid;-webkit-background-size:cover;-moz-background-size:cover;-o-background-size:cover;background-size:cover;\" ><div class=\"fusion-builder-row fusion-row\"><div class=\"fusion-layout-column fusion_builder_column fusion-builder-column-0 fusion_builder_column_1_1 1_1 fusion-one-full fusion-column-first fusion-column-last fusion-column-no-min-height\" style=\"margin-top:0px;margin-bottom:0px;\"><div class=\"fusion-column-wrapper fusion-flex-column-wrapper-legacy\" style=\"background-position:left top;background-repeat:no-repeat;-webkit-background-size:cover;-moz-background-size:cover;-o-background-size:cover;background-size:cover;padding: 0px 0px 0px 0px;\"><div class=\"fusion-text fusion-text-1\"><\/div><div class=\"fusion-clearfix\"><\/div><\/div><\/div><\/div><\/div><div class=\"fusion-fullwidth fullwidth-box fusion-builder-row-2 hundred-percent-fullwidth non-hundred-percent-height-scrolling\" style=\"background-color: rgba(255,255,255,0);background-position: center center;background-repeat: no-repeat;padding-top:0px;padding-right:30px;padding-bottom:0px;padding-left:30px;margin-bottom: 0px;margin-top: 0px;border-width: 0px 0px 0px 0px;border-color:#eae9e9;border-style:solid;\" ><div class=\"fusion-builder-row fusion-row\"><div class=\"fusion-layout-column fusion_builder_column fusion-builder-column-1 fusion_builder_column_1_1 1_1 fusion-one-full fusion-column-first fusion-column-last fusion-column-no-min-height\" style=\"margin-top:0px;margin-bottom:0px;\"><div class=\"fusion-column-wrapper fusion-flex-column-wrapper-legacy\" style=\"background-position:left top;background-repeat:no-repeat;-webkit-background-size:cover;-moz-background-size:cover;-o-background-size:cover;background-size:cover;padding: 0px 0px 0px 0px;\"><style type=\"text\/css\">.fusion-accordian  #accordion-59-1 .panel-title a .fa-fusion-box{ color: #ffffff;}.fusion-accordian  #accordion-59-1 .panel-title a .fa-fusion-box:before{ font-size: 16px; width: 16px;}.fusion-accordian  #accordion-59-1 .panel-title a{font-size:13px;}.fusion-accordian  #accordion-59-1 .fa-fusion-box { background-color: #333333;border-color: #333333;}.fusion-accordian  #accordion-59-1 .panel-title a:hover, #accordion-59-1 .fusion-toggle-boxed-mode:hover .panel-title a { color: #65bc7b;}.fusion-accordian  #accordion-59-1 .panel-title .active .fa-fusion-box,.fusion-accordian  #accordion-59-1 .panel-title a:hover .fa-fusion-box { background-color: #65bc7b!important;border-color: #65bc7b!important;}<\/style><div class=\"accordian fusion-accordian\"><div class=\"panel-group\" id=\"accordion-59-1\"><\/div><\/div><style type=\"text\/css\"><\/style><div class=\"fusion-title title fusion-title-1 fusion-title-text fusion-title-size-one\" style=\"margin-top:10px;margin-right:0px;margin-bottom:15px;margin-left:0px;\"><h1 class=\"title-heading-left fusion-responsive-typography-calculated\" style=\"margin:0;--fontSize:54;line-height:1.16;\">Equipo de Gobierno<\/h1><div class=\"title-sep-container\"><div class=\"title-sep sep-\" style=\"border-color:#e0dede;\"><\/div><\/div><\/div><div class=\"fusion-sep-clear\"><\/div><div class=\"fusion-separator fusion-full-width-sep\" style=\"margin-left: auto;margin-right: auto;width:100%;\"><div class=\"fusion-separator-border sep-double\" style=\"border-color:#e0dede;border-top-width:1px;border-bottom-width:1px;\"><\/div><\/div><div class=\"fusion-sep-clear\"><\/div><div class=\"fusion-text fusion-text-2\"><\/div><div class=\"fusion-clearfix\"><\/div><\/div><\/div><\/div><style type=\"text\/css\">.fusion-fullwidth.fusion-builder-row-2 { overflow:visible; }<\/style><\/div><div class=\"fusion-fullwidth fullwidth-box fusion-builder-row-3 fusion-flex-container nonhundred-percent-fullwidth non-hundred-percent-height-scrolling\" style=\"background-color: rgba(255,255,255,0);background-position: center center;background-repeat: no-repeat;border-width: 0px 0px 0px 0px;border-color:#eae9e9;border-style:solid;\" ><div class=\"fusion-builder-row fusion-row fusion-flex-align-items-flex-start\" style=\"max-width:1248px;margin-left: calc(-4% \/ 2 );margin-right: calc(-4% \/ 2 );\"><div class=\"fusion-layout-column fusion_builder_column fusion-builder-column-2 fusion_builder_column_1_1 1_1 fusion-flex-column fusion-flex-align-self-flex-start fusion-column-no-min-height\"><div class=\"fusion-column-wrapper fusion-flex-justify-content-flex-start fusion-content-layout-column\" style=\"background-position:left top;background-repeat:no-repeat;-webkit-background-size:cover;-moz-background-size:cover;-o-background-size:cover;background-size:cover;padding: 0px 0px 0px 0px;\"><div class=\"fusion-text fusion-text-3\"><\/div><div class=\"fusion-text fusion-text-4\">\n<\/div><div class=\"page-content-inner\">\n\t<div class=\"vc_row wpb_row vc_row-fluid\">\n\t\t<div class=\"wpb_column vc_column_container vc_col-sm-6\">\n\t\t\t<div class=\"vc_column-inner\">\n\t\t\t\t<div class=\"wpb_wrapper\">\n\n\t\t\t\t\t<div class=\"c-team-member m-has-portrait\">\n\t\t\t\t\t\t<div class=\"c-content-box\">\n\t\t\t\t\t\t\t<div class=\"team-member-inner\">\n\t\t\t\t\t\t\t\t<div class=\"member-portrait\">\n\t\t\t\t\t\t\t\t\t<img decoding=\"async\" style=\"border-radius: 5px;\" alt=\"Noelia Barrado\" src=\"https:\/\/www.ayto-sotodelreal.es\/wp-content\/uploads\/2023\/06\/Sin-titulo-Logo-150x150.png\">\n\t\t\t\t\t\t\t\t<\/div><h3 class=\"member-name\">Noelia Barrado<\/h3><h5 class=\"member-role\">Alcaldesa.<\/h5>\n\t\t\t\t\t\t\t\t<div class=\"member-description\"><p>\n\t\t\t\t\t\t\t\t\t50.000 euros<br>\n\t\t\t\t\t\t\t\t\t<i class=\"widget-ico tp tp-telephone\">652 87 51 40<\/i>\u00a0(M\u00f3vil personal)<br>\n\t\t\t\t\t\t\t\t\talcaldia@ayto-sotodelreal.es<br>\n\n\t\t\t\t\t\t\t\t\t<img decoding=\"async\" loading=\"lazy\" class=\"logoconcejal\" src=\"https:\/\/www.ayto-sotodelreal.es\/wp-content\/uploads\/2023\/06\/psoe-soto.png\" alt=\"\" width=\"160\" height=\"83\"><\/p>\n\n\t\t\t\t\t\t\t\t<\/div>\n\t\t\t\t\t\t\t<\/div>\n\t\t\t\t\t\t<\/div>\n\t\t\t\t\t<\/div>\n\t\t\t\t\t<div class=\"fusion-separator fusion-full-width-sep\" style=\"align-self: center;margin-top: 5px; margin-bottom: 15px;margin-left: auto;margin-right: auto;width:100%;\">\n\t\t\t\t\t\t\t<div class=\"fusion-separator-border sep-double\" style=\"border-color:#e0dede;border-top-width:1px;border-bottom-width:1px;\"><\/div>\n\t\t\t\t\t<\/div>\n\n\t\t\t\t\t<div class=\"c-team-member m-has-portrait\">\n\t\t\t\t\t\t<div class=\"c-content-box\">\n\t\t\t\t\t\t\t<div class=\"team-member-inner\">\n\t\t\t\t\t\t\t\t<div class=\"member-portrait\">\n\t\t\t\t\t\t\t\t\t<img decoding=\"async\" style=\"border-radius: 5px;\" alt=\"Sara Guti\u00e9rrez Riestra\" src=\"https:\/\/www.ayto-sotodelreal.es\/wp-content\/uploads\/2023\/06\/3-150x150.png\">\n\t\t\t\t\t\t\t\t<\/div>\n\t\t\t\t\t\t\t\t\t<h3 class=\"member-name\">Sara Guti\u00e9rrez Riestra<\/h3>\n\t\t\t\t\t\t\t\t\t<h5 class=\"member-role\">1\u00aa Teniente de Alcalde, miembro de la Junta de Gobierno<br>\n\t\t\t\t\t\t\t\t\t\tRecursos Humanos, Transparencia, Administraci\u00f3n y Servicios Internos del Ayuntamiento, Turismo y Comercio, Empleo, Desarrollo Local y Ganader\u00eda.\n\t\t\t\t\t\t\t\t\t<\/h5>\n\t\t\t\t\t\t\t\t<div class=\"member-description\"><p>\n\t\t\t\t\t\t\t\t\t42.500 euros <br>\n\t\t\t\t\t\t\t\t\tsgutierrez@ayto-sotodelreal.es<br>\n\n\t\t\t\t\t\t\t\t\t<img decoding=\"async\" loading=\"lazy\" class=\"logoconcejal\" src=\"https:\/\/www.ayto-sotodelreal.es\/wp-content\/uploads\/2023\/06\/psoe-soto.png\" alt=\"\" width=\"160\" height=\"83\"><\/p>\n\n\t\t\t\t\t\t\t\t<\/div>\n\t\t\t\t\t\t\t<\/div>\n\t\t\t\t\t\t<\/div>\n\t\t\t\t\t<\/div>\n\t\t\t\t\t<div class=\"fusion-separator fusion-full-width-sep\" style=\"align-self: center;margin-top: 5px; margin-bottom: 15px;margin-left: auto;margin-right: auto;width:100%;\">\n\t\t\t\t\t\t\t<div class=\"fusion-separator-border sep-double\" style=\"border-color:#e0dede;border-top-width:1px;border-bottom-width:1px;\"><\/div>\n\t\t\t\t\t<\/div>\n\n\t\t\t\t\t<div class=\"c-team-member m-has-portrait\">\n\t\t\t\t\t\t<div class=\"c-content-box\">\n\t\t\t\t\t\t\t<div class=\"team-member-inner\">\n\t\t\t\t\t\t\t\t<div class=\"member-portrait\">\n\t\t\t\t\t\t\t\t\t<img decoding=\"async\" style=\"border-radius: 5px;\" alt=\"Antonio Pontejo Zapatero\" src=\"https:\/\/www.ayto-sotodelreal.es\/wp-content\/uploads\/2023\/06\/2-150x150.png\">\n\t\t\t\t\t\t\t\t<\/div>\n\t\t\t\t\t\t\t\t\t<h3 class=\"member-name\">Antonio Pontejo Zapatero<\/h3>\n\t\t\t\t\t\t\t\t\t<h5 class=\"member-role\">2\u00ba Teniente de Alcalde, miembro de la Junta de Gobierno <br>\n\t\t\t\t\t\t\t\t\t\tHacienda, Urbanismo y Urbanizaciones.\n\t\t\t\t\t\t\t\t\t<\/h5>\n\t\t\t\t\t\t\t\t<div class=\"member-description\"><p>\n\t\t\t\t\t\t\t\t\tapontejo@ayto-sotodelreal.es<br>\n\n\t\t\t\t\t\t\t\t\t<img decoding=\"async\" loading=\"lazy\" class=\"logoconcejal\" src=\"https:\/\/www.ayto-sotodelreal.es\/wp-content\/uploads\/2023\/06\/psoe-soto.png\" alt=\"\" width=\"160\" height=\"83\"><\/p>\n\n\t\t\t\t\t\t\t\t<\/div>\n\t\t\t\t\t\t\t<\/div>\n\t\t\t\t\t\t<\/div>\n\t\t\t\t\t<\/div>\n\t\t\t\t\t<div class=\"fusion-separator fusion-full-width-sep\" style=\"align-self: center;margin-top: 5px; margin-bottom: 15px;margin-left: auto;margin-right: auto;width:100%;\">\n\t\t\t\t\t\t\t<div class=\"fusion-separator-border sep-double\" style=\"border-color:#e0dede;border-top-width:1px;border-bottom-width:1px;\"><\/div>\n\t\t\t\t\t<\/div>\n\n\t\t\t\t\t<div class=\"c-team-member m-has-portrait\">\n\t\t\t\t\t\t<div class=\"c-content-box\">\n\t\t\t\t\t\t\t<div class=\"team-member-inner\">\n\t\t\t\t\t\t\t\t<div class=\"member-portrait\">\n\t\t\t\t\t\t\t\t\t<img decoding=\"async\" style=\"border-radius: 5px;\" alt=\"Almudena S\u00e1nchez Acereda\" src=\"https:\/\/www.ayto-sotodelreal.es\/wp-content\/uploads\/2023\/06\/7-150x150.png\">\n\t\t\t\t\t\t\t\t<\/div>\n\t\t\t\t\t\t\t\t\t<h3 class=\"member-name\">Almudena S\u00e1nchez Acereda<\/h3>\n\t\t\t\t\t\t\t\t\t<h5 class=\"member-role\">3\u00aa Teniente de Alcalde, miembro de la Junta de Gobierno<br>\n\t\t\t\t\t\t\t\t\t\tCultura, Identidad del Municipio y Patrimonio, Eventos y Festejos y Envejecimiento activo.\n\t\t\t\t\t\t\t\t\t<\/h5>\n\t\t\t\t\t\t\t\t<div class=\"member-description\"><p>\n\t\t\t\t\t\t\t\t\tasanchez@ayto-sotodelreal.es<br>\n\n\t\t\t\t\t\t\t\t\t<img decoding=\"async\" loading=\"lazy\" class=\"logoconcejal\" src=\"https:\/\/www.ayto-sotodelreal.es\/wp-content\/uploads\/2023\/06\/psoe-soto.png\" alt=\"\" width=\"160\" height=\"83\"><\/p>\n\n\t\t\t\t\t\t\t\t<\/div>\n\t\t\t\t\t\t\t<\/div>\n\t\t\t\t\t\t<\/div>\n\t\t\t\t\t<\/div>\n\t\t\t\t\t<div class=\"fusion-separator fusion-full-width-sep\" style=\"align-self: center;margin-top: 5px; margin-bottom: 15px;margin-left: auto;margin-right: auto;width:100%;\">\n\t\t\t\t\t\t\t<div class=\"fusion-separator-border sep-double\" style=\"border-color:#e0dede;border-top-width:1px;border-bottom-width:1px;\"><\/div>\n\t\t\t\t\t<\/div>\n\n\t\t\t\t\t<div class=\"c-team-member m-has-portrait\">\n\t\t\t\t\t\t<div class=\"c-content-box\">\n\t\t\t\t\t\t\t<div class=\"team-member-inner\">\n\t\t\t\t\t\t\t\t<div class=\"member-portrait\">\n\t\t\t\t\t\t\t\t\t<img decoding=\"async\" style=\"border-radius: 5px;\" alt=\"Javier Fern\u00e1ndez Gonz\u00e1lez\" src=\"http:\/\/transparencia.aytosotodelreal.es\/wp-content\/uploads\/2025\/02\/Javier-Fernandez.jpg\">\n\t\t\t\t\t\t\t\t<\/div>\n\t\t\t\t\t\t\t\t\t<h3 class=\"member-name\">Javier Fern\u00e1ndez Gonz\u00e1lez<\/h3>\n\t\t\t\t\t\t\t\t\t<h5 class=\"member-role\">Redes y Servicios Generales, Gesti\u00f3n del Agua, Transporte y Movilidad Sostenible, Participaci\u00f3n, Transparencia, Tecnolog\u00edas de la Informaci\u00f3n y Transformaci\u00f3n Digital.<br>\n\t\t\t\t\t\t\t\t\t<\/h5>\n\t\t\t\t\t\t\t\t<div class=\"member-description\"><p>\n\t\t\t\t\t\t\t\t\t\n\t\t\t\t\t\t\t\t\tjfernandez@ayto-sotodelreal.es<br>\n\n\t\t\t\t\t\t\t\t\t<img decoding=\"async\" loading=\"lazy\" class=\"logoconcejal\" src=\"https:\/\/www.ayto-sotodelreal.es\/wp-content\/uploads\/2023\/06\/psoe-soto.png\" alt=\"\" width=\"160\" height=\"83\"><\/p>\n\n\t\t\t\t\t\t\t\t<\/div>\n\t\t\t\t\t\t\t<\/div>\n\t\t\t\t\t\t<\/div>\n\t\t\t\t\t<\/div>\n\t\t\t\t\t<div class=\"fusion-separator fusion-full-width-sep\" style=\"align-self: center;margin-top: 5px; margin-bottom: 15px;margin-left: auto;margin-right: auto;width:100%;\">\n\t\t\t\t\t\t\t<div class=\"fusion-separator-border sep-double\" style=\"border-color:#e0dede;border-top-width:1px;border-bottom-width:1px;\"><\/div>\n\t\t\t\t\t<\/div>\n\n\t\t\t\t\t<div class=\"c-team-member m-has-portrait\">\n\t\t\t\t\t\t<div class=\"c-content-box\">\n\t\t\t\t\t\t\t<div class=\"team-member-inner\">\n\t\t\t\t\t\t\t\t<div class=\"member-portrait\">\n\t\t\t\t\t\t\t\t\t<img decoding=\"async\" style=\"border-radius: 5px;\" alt=\"Mar\u00eda Par\u00eds Cornejo\" src=\"https:\/\/www.ayto-sotodelreal.es\/wp-content\/uploads\/2023\/06\/5-150x150.png\">\n\t\t\t\t\t\t\t\t<\/div>\n\t\t\t\t\t\t\t\t\t<h3 class=\"member-name\">Mar\u00eda Par\u00eds Cornejo<\/h3>\n\t\t\t\t\t\t\t\t\t<h5 class=\"member-role\">Educaci\u00f3n, Formaci\u00f3n y Aprendizaje, Salud y Consumo, Bienestar Social e Inclusi\u00f3n, Igualdad, Comunicaci\u00f3n y Tecnolog\u00edas de la Informaci\u00f3n y Transformaci\u00f3n Digital.\n\t\t\t\t\t\t\t\t\t<\/h5>\n\t\t\t\t\t\t\t\t<div class=\"member-description\"><p>\n\t\t\t\t\t\t\t\t\t36.500 euros<br>\n\t\t\t\t\t\t\t\t\tmparis@ayto-sotodelreal.es<br>\n\n\t\t\t\t\t\t\t\t\t<img decoding=\"async\" loading=\"lazy\" class=\"logoconcejal\" src=\"https:\/\/www.ayto-sotodelreal.es\/wp-content\/uploads\/2023\/06\/psoe-soto.png\" alt=\"\" width=\"160\" height=\"83\"><\/p>\n\n\t\t\t\t\t\t\t\t<\/div>\n\t\t\t\t\t\t\t<\/div>\n\t\t\t\t\t\t<\/div>\n\t\t\t\t\t<\/div>\n\t\t\t\t\t<div class=\"fusion-separator fusion-full-width-sep\" style=\"align-self: center;margin-top: 5px; margin-bottom: 15px;margin-left: auto;margin-right: auto;width:100%;\">\n\t\t\t\t\t\t\t<div class=\"fusion-separator-border sep-double\" style=\"border-color:#e0dede;border-top-width:1px;border-bottom-width:1px;\"><\/div>\n\t\t\t\t\t<\/div>\n\n\t\t\t\t\t<div class=\"c-team-member m-has-portrait\">\n\t\t\t\t\t\t<div class=\"c-content-box\">\n\t\t\t\t\t\t\t<div class=\"team-member-inner\">\n\t\t\t\t\t\t\t\t<div class=\"member-portrait\">\n\t\t\t\t\t\t\t\t\t<img decoding=\"async\" style=\"border-radius: 5px;\" alt=\"Nacho Garc\u00eda Casta\u00f1ares\" src=\"https:\/\/www.ayto-sotodelreal.es\/wp-content\/uploads\/2023\/06\/4-150x150.png\">\n\t\t\t\t\t\t\t\t<\/div>\n\t\t\t\t\t\t\t\t\t<h3 class=\"member-name\">Nacho Garc\u00eda Casta\u00f1ares<\/h3>\n\t\t\t\t\t\t\t\t\t<h5 class=\"member-role\">Sostenibilidad Ambiental y Eficiencia Energ\u00e9tica, Transporte y Movilidad Sostenible, Deporte, Juventud e Infancia, Internacional y Protecci\u00f3n Animal.\n\t\t\t\t\t\t\t\t\t<\/h5>\n\t\t\t\t\t\t\t\t<div class=\"member-description\"><p>\n\t\t\t\t\t\t\t\t\t36.500  euros<br>\n\t\t\t\t\t\t\t\t\tngarcia@ayto-sotodelreal.es<br>\n\n\t\t\t\t\t\t\t\t\t<img decoding=\"async\" loading=\"lazy\" class=\"logoconcejal\" src=\"https:\/\/www.ayto-sotodelreal.es\/wp-content\/uploads\/2023\/06\/psoe-soto.png\" alt=\"\" width=\"160\" height=\"83\"><\/p>\n\n\t\t\t\t\t\t\t\t<\/div>\n\t\t\t\t\t\t\t<\/div>\n\t\t\t\t\t\t<\/div>\n\t\t\t\t\t<\/div>\n\t\t\t\t\t<div class=\"fusion-separator fusion-full-width-sep\" style=\"align-self: center;margin-top: 5px; margin-bottom: 15px;margin-left: auto;margin-right: auto;width:100%;\">\n\t\t\t\t\t\t\t<div class=\"fusion-separator-border sep-double\" style=\"border-color:#e0dede;border-top-width:1px;border-bottom-width:1px;\"><\/div>\n\t\t\t\t\t<\/div>\n\n\t\t\t\t\t<div class=\"c-team-member m-has-portrait\">\n\t\t\t\t\t\t<div class=\"c-content-box\">\n\t\t\t\t\t\t\t<div class=\"team-member-inner\">\n\t\t\t\t\t\t\t\t<div class=\"member-portrait\">\n\t\t\t\t\t\t\t\t\t<img decoding=\"async\" style=\"border-radius: 5px;\" alt=\"Silvia Gallego N\u00fa\u00f1ez\" src=\"https:\/\/www.ayto-sotodelreal.es\/wp-content\/uploads\/2023\/06\/8-150x150.png\">\n\t\t\t\t\t\t\t\t<\/div>\n\t\t\t\t\t\t\t\t\t<h3 class=\"member-name\">Silvia Gallego N\u00fa\u00f1ez<\/h3>\n\t\t\t\t\t\t\t\t<div class=\"member-description\"><p>\n\t\t\t\t\t\t\t\t\tsgallego@ayto-sotodelreal.es<br>\n\n\t\t\t\t\t\t\t\t\t<img decoding=\"async\" loading=\"lazy\" class=\"logoconcejal\" src=\"https:\/\/www.ayto-sotodelreal.es\/wp-content\/uploads\/2019\/06\/logo_populares_soto_real_azul-480x148.png\" alt=\"\" width=\"160\" height=\"83\"><\/p>\n\n\t\t\t\t\t\t\t\t<\/div>\n\t\t\t\t\t\t\t<\/div>\n\t\t\t\t\t\t<\/div>\n\t\t\t\t\t<\/div>\n\t\t\t\t\t<div class=\"fusion-separator fusion-full-width-sep\" style=\"align-self: center;margin-top: 5px; margin-bottom: 15px;margin-left: auto;margin-right: auto;width:100%;\">\n\t\t\t\t\t\t\t<div class=\"fusion-separator-border sep-double\" style=\"border-color:#e0dede;border-top-width:1px;border-bottom-width:1px;\"><\/div>\n\t\t\t\t\t<\/div>\n\t\t\t\t\t<div class=\"c-team-member m-has-portrait\">\n\t\t\t\t\t\t<div class=\"c-content-box\">\n\t\t\t\t\t\t\t<div class=\"team-member-inner\">\n\t\t\t\t\t\t\t\t<div class=\"member-portrait\">\n\t\t\t\t\t\t\t\t\t<img decoding=\"async\" style=\"border-radius: 5px;\" alt=\"Virginia Nicolas Calvo\" src=\"https:\/\/www.ayto-sotodelreal.es\/wp-content\/uploads\/2023\/06\/11-150x150.png\">\n\t\t\t\t\t\t\t\t<\/div>\n\t\t\t\t\t\t\t\t\t<h3 class=\"member-name\">Virginia Nicolas Calvo<\/h3>\n\t\t\t\t\t\t\t\t<div class=\"member-description\"><p>\n\t\t\t\t\t\t\t\t\tvnicolas@ayto-sotodelreal.es<br>\n\n\t\t\t\t\t\t\t\t\t<img decoding=\"async\" loading=\"lazy\" class=\"logoconcejal\" src=\"https:\/\/www.ayto-sotodelreal.es\/wp-content\/uploads\/2019\/06\/logo_populares_soto_real_azul-480x148.png\" alt=\"\" width=\"160\" height=\"83\"><\/p>\n\n\t\t\t\t\t\t\t\t<\/div>\n\t\t\t\t\t\t\t<\/div>\n\t\t\t\t\t\t<\/div>\n\t\t\t\t\t<\/div>\n\t\t\t\t\t<div class=\"fusion-separator fusion-full-width-sep\" style=\"align-self: center;margin-top: 5px; margin-bottom: 15px;margin-left: auto;margin-right: auto;width:100%;\">\n\t\t\t\t\t\t\t<div class=\"fusion-separator-border sep-double\" style=\"border-color:#e0dede;border-top-width:1px;border-bottom-width:1px;\"><\/div>\n\t\t\t\t\t<\/div>\n\t\t\t\t\t<div class=\"c-team-member m-has-portrait\">\n\t\t\t\t\t\t<div class=\"c-content-box\">\n\t\t\t\t\t\t\t<div class=\"team-member-inner\">\n\t\t\t\t\t\t\t\t<div class=\"member-portrait\">\n\t\t\t\t\t\t\t\t\t<img decoding=\"async\" style=\"border-radius: 5px;\" alt=\"Ricardo Hern\u00e1n Vallejo\" src=\"https:\/\/www.ayto-sotodelreal.es\/wp-content\/uploads\/2023\/06\/9-150x150.png\">\n\t\t\t\t\t\t\t\t<\/div>\n\t\t\t\t\t\t\t\t\t<h3 class=\"member-name\">Ricardo Hern\u00e1n Vallejo<\/h3>\n\t\t\t\t\t\t\t\t<div class=\"member-description\"><p>\n\t\t\t\t\t\t\t\t\trhernan@ayto-sotodelreal.es<br>\n\n\t\t\t\t\t\t\t\t\t<img decoding=\"async\" loading=\"lazy\" class=\"logoconcejal\" src=\"https:\/\/www.ayto-sotodelreal.es\/wp-content\/uploads\/2019\/06\/logo_populares_soto_real_azul-480x148.png\" alt=\"\" width=\"160\" height=\"83\"><\/p>\n\n\t\t\t\t\t\t\t\t<\/div>\n\t\t\t\t\t\t\t<\/div>\n\t\t\t\t\t\t<\/div>\n\t\t\t\t\t<\/div>\n\t\t\t\t\t<div class=\"fusion-separator fusion-full-width-sep\" style=\"align-self: center;margin-top: 5px; margin-bottom: 15px;margin-left: auto;margin-right: auto;width:100%;\">\n\t\t\t\t\t\t\t<div class=\"fusion-separator-border sep-double\" style=\"border-color:#e0dede;border-top-width:1px;border-bottom-width:1px;\"><\/div>\n\t\t\t\t\t<\/div>\n\t\t\t\t\t<div class=\"c-team-member m-has-portrait\">\n\t\t\t\t\t\t<div class=\"c-content-box\">\n\t\t\t\t\t\t\t<div class=\"team-member-inner\">\n\t\t\t\t\t\t\t\t<div class=\"member-portrait\">\n\t\t\t\t\t\t\t\t\t<img decoding=\"async\" style=\"border-radius: 5px;\" alt=\"Antonio Contreras Moya\" src=\"https:\/\/www.ayto-sotodelreal.es\/wp-content\/uploads\/2023\/06\/12-150x150.png\">\n\t\t\t\t\t\t\t\t<\/div>\n\t\t\t\t\t\t\t\t\t<h3 class=\"member-name\">Antonio Contreras Moya<\/h3>\n\t\t\t\t\t\t\t\t<div class=\"member-description\"><p>\n\t\t\t\t\t\t\t\t\tacontreras@ayto-sotodelreal.es<br>\n\n\t\t\t\t\t\t\t\t\t<img decoding=\"async\" loading=\"lazy\" class=\"logoconcejal\" src=\"https:\/\/www.ayto-sotodelreal.es\/wp-content\/uploads\/2019\/06\/logo_populares_soto_real_azul-480x148.png\" alt=\"\" width=\"160\" height=\"83\"><\/p>\n\n\t\t\t\t\t\t\t\t<\/div>\n\t\t\t\t\t\t\t<\/div>\n\t\t\t\t\t\t<\/div>\n\t\t\t\t\t<\/div>\n\t\t\t\t\t<div class=\"fusion-separator fusion-full-width-sep\" style=\"align-self: center;margin-top: 5px; margin-bottom: 15px;margin-left: auto;margin-right: auto;width:100%;\">\n\t\t\t\t\t\t\t<div class=\"fusion-separator-border sep-double\" style=\"border-color:#e0dede;border-top-width:1px;border-bottom-width:1px;\"><\/div>\n\t\t\t\t\t<\/div>\n\t\t\t\t\t<div class=\"c-team-member m-has-portrait\">\n\t\t\t\t\t\t<div class=\"c-content-box\">\n\t\t\t\t\t\t\t<div class=\"team-member-inner\">\n\t\t\t\t\t\t\t\t<div class=\"member-portrait\">\n\t\t\t\t\t\t\t\t\t<img decoding=\"async\" style=\"border-radius: 5px;\" alt=\"Jos\u00e9 Parra Badajoz\" src=\"https:\/\/www.ayto-sotodelreal.es\/wp-content\/uploads\/2023\/06\/10-150x150.png\">\n\t\t\t\t\t\t\t\t<\/div>\n\t\t\t\t\t\t\t\t\t<h3 class=\"member-name\">Jos\u00e9 Parra Badajoz<\/h3>\n\t\t\t\t\t\t\t\t<div class=\"member-description\"><p>\n\t\t\t\t\t\t\t\t\tjoseparra@ayto-sotodelreal.es<br>\n\n\t\t\t\t\t\t\t\t\t<img decoding=\"async\" loading=\"lazy\" class=\"logoconcejal\" src=\"https:\/\/www.ayto-sotodelreal.es\/wp-content\/uploads\/2019\/06\/logo_populares_soto_real_azul-480x148.png\" alt=\"\" width=\"160\" height=\"83\"><\/p>\n\n\t\t\t\t\t\t\t\t<\/div>\n\t\t\t\t\t\t\t<\/div>\n\t\t\t\t\t\t<\/div>\n\t\t\t\t\t<\/div>\n\t\t\t\t\t<div class=\"fusion-separator fusion-full-width-sep\" style=\"align-self: center;margin-top: 5px; margin-bottom: 15px;margin-left: auto;margin-right: auto;width:100%;\">\n\t\t\t\t\t\t\t<div class=\"fusion-separator-border sep-double\" style=\"border-color:#e0dede;border-top-width:1px;border-bottom-width:1px;\"><\/div>\n\t\t\t\t\t<\/div>\n\n\t\t\t\t\t<div class=\"c-team-member m-has-portrait\">\n\t\t\t\t\t\t<div class=\"c-content-box\">\n\t\t\t\t\t\t\t<div class=\"team-member-inner\">\n\t\t\t\t\t\t\t\t<div class=\"member-portrait\">\n\t\t\t\t\t\t\t\t\t<img decoding=\"async\" style=\"border-radius: 5px;\" alt=\"Suan Guerrero Parraz\" src=\"https:\/\/www.ayto-sotodelreal.es\/wp-content\/uploads\/2023\/06\/13-150x150.png\">\n\t\t\t\t\t\t\t\t<\/div>\n\t\t\t\t\t\t\t\t\t<h3 class=\"member-name\">Suan Guerrero Parraz<\/h3>\n\t\t\t\t\t\t\t\t<div class=\"member-description\"><p>\n\t\t\t\t\t\t\t\t\tsguerrero@ayto-sotodelreal.es<br>\n\n\t\t\t\t\t\t\t\t\t<img decoding=\"async\" loading=\"lazy\" class=\"logoconcejal\" src=\"https:\/\/www.ayto-sotodelreal.es\/wp-content\/uploads\/2019\/06\/VOX-480x218.jpg\" alt=\"\" width=\"160\" height=\"83\"><\/p>\n\n\t\t\t\t\t\t\t\t<\/div>\n\t\t\t\t\t\t\t<\/div>\n\t\t\t\t\t\t<\/div>\n\t\t\t\t\t<\/div>\n\t\t\t\t\t<div class=\"fusion-separator fusion-full-width-sep\" style=\"align-self: center;margin-top: 5px; margin-bottom: 15px;margin-left: auto;margin-right: auto;width:100%;\">\n\t\t\t\t\t\t\t<div class=\"fusion-separator-border sep-double\" style=\"border-color:#e0dede;border-top-width:1px;border-bottom-width:1px;\"><\/div>\n\t\t\t\t\t<\/div>\n\n\n\t\t\t\t<\/div>\n\t\t\t<\/div>\n\t\t<\/div>\t\t\t\t\t\n\t<\/div>\n<\/div><\/div><style type=\"text\/css\">.fusion-body .fusion-builder-column-2{width:100% !important;margin-top : 0px;margin-bottom : 0px;}.fusion-builder-column-2 > .fusion-column-wrapper {padding-top : 0px !important;padding-right : 0px !important;margin-right : 1.92%;padding-bottom : 0px !important;padding-left : 0px !important;margin-left : 1.92%;}@media only screen and (max-width:1024px) {.fusion-body .fusion-builder-column-2{width:100% !important;}.fusion-builder-column-2 > .fusion-column-wrapper {margin-right : 1.92%;margin-left : 1.92%;}}@media only screen and (max-width:640px) {.fusion-body .fusion-builder-column-2{width:100% !important;}.fusion-builder-column-2 > .fusion-column-wrapper {margin-right : 1.92%;margin-left : 1.92%;}}<\/style><\/div><\/div><style type=\"text\/css\">.fusion-body .fusion-flex-container.fusion-builder-row-3{ padding-top : 0px;margin-top : 16px;padding-right : 0px;padding-bottom : 0px;margin-bottom : 0px;padding-left : 0px;}<\/style><\/div><div class=\"fusion-fullwidth fullwidth-box fusion-builder-row-4 fusion-flex-container nonhundred-percent-fullwidth non-hundred-percent-height-scrolling\" style=\"background-color: rgba(255,255,255,0);background-position: center center;background-repeat: no-repeat;border-width: 0px 0px 0px 0px;border-color:#eae9e9;border-style:solid;\" ><div class=\"fusion-builder-row fusion-row fusion-flex-align-items-flex-start\" style=\"max-width:1248px;margin-left: calc(-4% \/ 2 );margin-right: calc(-4% \/ 2 );\"><div class=\"fusion-layout-column fusion_builder_column fusion-builder-column-3 fusion_builder_column_1_2 1_2 fusion-flex-column\"><div class=\"fusion-column-wrapper fusion-flex-justify-content-flex-start fusion-content-layout-column\" style=\"background-position:left top;background-repeat:no-repeat;-webkit-background-size:cover;-moz-background-size:cover;-o-background-size:cover;background-size:cover;padding: 0px 0px 0px 0px;\"><\/div><style type=\"text\/css\">.fusion-body .fusion-builder-column-3{width:50% !important;margin-top : 0px;margin-bottom : 20px;}.fusion-builder-column-3 > .fusion-column-wrapper {padding-top : 0px !important;padding-right : 0px !important;margin-right : 3.84%;padding-bottom : 0px !important;padding-left : 0px !important;margin-left : 3.84%;}@media only screen and (max-width:1024px) {.fusion-body .fusion-builder-column-3{width:100% !important;order : 0;}.fusion-builder-column-3 > .fusion-column-wrapper {margin-right : 1.92%;margin-left : 1.92%;}}@media only screen and (max-width:640px) {.fusion-body .fusion-builder-column-3{width:100% !important;order : 0;}.fusion-builder-column-3 > .fusion-column-wrapper {margin-right : 1.92%;margin-left : 1.92%;}}<\/style><\/div><div class=\"fusion-layout-column fusion_builder_column fusion-builder-column-4 fusion_builder_column_1_2 1_2 fusion-flex-column\"><div class=\"fusion-column-wrapper fusion-flex-justify-content-flex-start fusion-content-layout-column\" style=\"background-position:left top;background-repeat:no-repeat;-webkit-background-size:cover;-moz-background-size:cover;-o-background-size:cover;background-size:cover;padding: 0px 0px 0px 0px;\"><\/div><style type=\"text\/css\">.fusion-body .fusion-builder-column-4{width:50% !important;margin-top : 0px;margin-bottom : 20px;}.fusion-builder-column-4 > .fusion-column-wrapper {padding-top : 0px !important;padding-right : 0px !important;margin-right : 3.84%;padding-bottom : 0px !important;padding-left : 0px !important;margin-left : 3.84%;}@media only screen and (max-width:1024px) {.fusion-body .fusion-builder-column-4{width:100% !important;order : 0;}.fusion-builder-column-4 > .fusion-column-wrapper {margin-right : 1.92%;margin-left : 1.92%;}}@media only screen and (max-width:640px) {.fusion-body .fusion-builder-column-4{width:100% !important;order : 0;}.fusion-builder-column-4 > .fusion-column-wrapper {margin-right : 1.92%;margin-left : 1.92%;}}<\/style><\/div><\/div><style type=\"text\/css\">.fusion-body .fusion-flex-container.fusion-builder-row-4{ padding-top : 0px;margin-top : 0px;padding-right : 0px;padding-bottom : 0px;margin-bottom : 0px;padding-left : 0px;}<\/style><\/div><div class=\"fusion-fullwidth fullwidth-box fusion-builder-row-5 fusion-flex-container nonhundred-percent-fullwidth non-hundred-percent-height-scrolling\" style=\"background-color: rgba(255,255,255,0);background-position: center center;background-repeat: no-repeat;border-width: 0px 0px 0px 0px;border-color:#eae9e9;border-style:solid;\" ><div class=\"fusion-builder-row fusion-row fusion-flex-align-items-flex-start\" style=\"max-width:1248px;margin-left: calc(-4% \/ 2 );margin-right: calc(-4% \/ 2 );\"><\/div><style type=\"text\/css\">.fusion-body .fusion-flex-container.fusion-builder-row-5{ padding-top : 0px;margin-top : 0px;padding-right : 0px;padding-bottom : 0px;margin-bottom : 0px;padding-left : 0px;}<\/style><\/div><\/p>\n","protected":false},"excerpt":{"rendered":"","protected":false},"author":8,"featured_media":0,"parent":0,"menu_order":0,"comment_status":"closed","ping_status":"closed","template":"","meta":{"footnotes":""},"class_list":["post-59","page","type-page","status-publish","hentry"],"_links":{"self":[{"href":"https:\/\/transparencia.aytosotodelreal.es\/index.php?rest_route=\/wp\/v2\/pages\/59","targetHints":{"allow":["GET"]}}],"collection":[{"href":"https:\/\/transparencia.aytosotodelreal.es\/index.php?rest_route=\/wp\/v2\/pages"}],"about":[{"href":"https:\/\/transparencia.aytosotodelreal.es\/index.php?rest_route=\/wp\/v2\/types\/page"}],"author":[{"embeddable":true,"href":"https:\/\/transparencia.aytosotodelreal.es\/index.php?rest_route=\/wp\/v2\/users\/8"}],"replies":[{"embeddable":true,"href":"https:\/\/transparencia.aytosotodelreal.es\/index.php?rest_route=%2Fwp%2Fv2%2Fcomments&post=59"}],"version-history":[{"count":56,"href":"https:\/\/transparencia.aytosotodelreal.es\/index.php?rest_route=\/wp\/v2\/pages\/59\/revisions"}],"predecessor-version":[{"id":926,"href":"https:\/\/transparencia.aytosotodelreal.es\/index.php?rest_route=\/wp\/v2\/pages\/59\/revisions\/926"}],"wp:attachment":[{"href":"https:\/\/transparencia.aytosotodelreal.es\/index.php?rest_route=%2Fwp%2Fv2%2Fmedia&parent=59"}],"curies":[{"name":"wp","href":"https:\/\/api.w.org\/{rel}","templated":true}]}}